{"id":12,"date":"2025-03-25T11:32:49","date_gmt":"2025-03-25T11:32:49","guid":{"rendered":"https:\/\/konferencja1000lecia.pl\/?page_id=12"},"modified":"2026-03-17T18:14:36","modified_gmt":"2026-03-17T18:14:36","slug":"strona-glowna","status":"publish","type":"page","link":"https:\/\/konferencja1000lecia.pl\/","title":{"rendered":"Strona g\u0142\u00f3wna"},"content":{"rendered":"\n[et_pb_section fb_built=&#8221;1&#8243; fullwidth=&#8221;on&#8221; disabled_on=&#8221;off|off|off&#8221; _builder_version=&#8221;4.21.0&#8243; _module_preset=&#8221;default&#8221; global_colors_info=&#8221;{}&#8221;][et_pb_fullwidth_image src=&#8221;https:\/\/konferencja1000lecia.pl\/wp-content\/uploads\/2026\/03\/tysiac-lat-1920&#215;445-v3-1.jpg&#8221; title_text=&#8221;tysiac-lat-1200x1200_v3&#8243; url=&#8221;#zapisy&#8221; src_tablet=&#8221;https:\/\/konferencja1000lecia.pl\/wp-content\/uploads\/2026\/03\/tysiac-lat-1200x628_v3.jpg&#8221; src_phone=&#8221;https:\/\/konferencja1000lecia.pl\/wp-content\/uploads\/2026\/03\/tysiac-lat-1200x1200_v3.jpg&#8221; src_last_edited=&#8221;on|phone&#8221; _builder_version=&#8221;4.23.2&#8243; _module_preset=&#8221;default&#8221; hover_enabled=&#8221;0&#8243; global_colors_info=&#8221;{}&#8221; sticky_enabled=&#8221;0&#8243;][\/et_pb_fullwidth_image][\/et_pb_section][et_pb_section fb_built=&#8221;1&#8243; _builder_version=&#8221;4.23.2&#8243; _module_preset=&#8221;default&#8221; background_color=&#8221;rgba(0,0,0,0.73)&#8221; background_image=&#8221;https:\/\/konferencja1000lecia.pl\/wp-content\/uploads\/2026\/03\/3f09ac5985794cb6ebf00e29abeade92.jpg&#8221; background_blend=&#8221;darken&#8221; custom_padding=&#8221;138px||133px||false|false&#8221; global_colors_info=&#8221;{}&#8221;][et_pb_row column_structure=&#8221;1_3,1_3,1_3&#8243; _builder_version=&#8221;4.27.4&#8243; _module_preset=&#8221;default&#8221; global_colors_info=&#8221;{}&#8221;][et_pb_column type=&#8221;1_3&#8243; _builder_version=&#8221;4.27.4&#8243; _module_preset=&#8221;default&#8221; global_colors_info=&#8221;{}&#8221;][\/et_pb_column][et_pb_column type=&#8221;1_3&#8243; _builder_version=&#8221;4.27.4&#8243; _module_preset=&#8221;default&#8221; global_colors_info=&#8221;{}&#8221;][et_pb_text _builder_version=&#8221;4.27.4&#8243; _module_preset=&#8221;default&#8221; global_colors_info=&#8221;{}&#8221;]<p style=\"text-align: center;\"><strong><span style=\"color: #ffffff;\">Patronat<\/span><\/strong><\/p>[\/et_pb_text][et_pb_image src=&#8221;https:\/\/konferencja1000lecia.pl\/wp-content\/uploads\/2026\/03\/logo-1.webp&#8221; title_text=&#8221;logo-1&#8243; align=&#8221;center&#8221; _builder_version=&#8221;4.23.2&#8243; _module_preset=&#8221;default&#8221; transform_scale=&#8221;101%|101%&#8221; module_alignment=&#8221;center&#8221; global_colors_info=&#8221;{}&#8221;][\/et_pb_image][\/et_pb_column][et_pb_column type=&#8221;1_3&#8243; _builder_version=&#8221;4.27.4&#8243; _module_preset=&#8221;default&#8221; global_colors_info=&#8221;{}&#8221;][\/et_pb_column][\/et_pb_row][et_pb_row _builder_version=&#8221;4.20.4&#8243; _module_preset=&#8221;default&#8221; custom_margin=&#8221;|auto|2px|auto||&#8221; global_colors_info=&#8221;{}&#8221;][et_pb_column type=&#8221;4_4&#8243; _builder_version=&#8221;4.20.4&#8243; _module_preset=&#8221;default&#8221; global_colors_info=&#8221;{}&#8221;][et_pb_text _builder_version=&#8221;4.27.4&#8243; _module_preset=&#8221;default&#8221; text_text_color=&#8221;#FFFFFF&#8221; text_font_size=&#8221;21px&#8221; text_line_height=&#8221;1.4em&#8221; header_2_text_color=&#8221;#FFFFFF&#8221; global_colors_info=&#8221;{}&#8221;]<h2 class=\"p1\" style=\"text-align: center;\"><strong>Tysi\u0105c lat obecno\u015bci Polski w elicie pa\u0144stw europejskich<\/strong><\/h2>[\/et_pb_text][\/et_pb_column][\/et_pb_row][et_pb_row _builder_version=&#8221;4.22.2&#8243; _module_preset=&#8221;default&#8221; global_colors_info=&#8221;{}&#8221;][et_pb_column type=&#8221;4_4&#8243; _builder_version=&#8221;4.22.2&#8243; _module_preset=&#8221;default&#8221; global_colors_info=&#8221;{}&#8221;][et_pb_text _builder_version=&#8221;4.27.4&#8243; _module_preset=&#8221;default&#8221; text_text_color=&#8221;#FFFFFF&#8221; text_font_size=&#8221;21px&#8221; text_line_height=&#8221;1.4em&#8221; header_2_text_color=&#8221;#FFFFFF&#8221; text_orientation=&#8221;center&#8221; text_font_size_tablet=&#8221;21px&#8221; text_font_size_phone=&#8221;17px&#8221; text_font_size_last_edited=&#8221;on|phone&#8221; global_colors_info=&#8221;{}&#8221;]<p class=\"p1\">Milenijne obchody istnienia Kr\u00f3lestwa Polskiego sk\u0142aniaj\u0105 do refleksji na temat naszego miejsca w Europie. Jak koronacja Boles\u0142awa Chrobrego wp\u0142yn\u0119\u0142a na histori\u0119 naszego kraju i narodu? Co powstanie nowego kr\u00f3lestwa znaczy\u0142o dla \u015bredniowiecznej Europy? Jakie dzi\u015b jest nasze miejsce w \u015bwiecie? Przed jakimi wyzwaniami staje obecnie Rzeczpospolita Polska?<\/p>\n<p class=\"p1\">Na te, i wiele innych pyta\u0144 postaramy si\u0119 znale\u017a\u0107 odpowied\u017a podczas naszej konferencji historyczno-prawnoustrojowej. W konferencji wezm\u0105 udzia\u0142 znamienici ludzie polskiej nauki. <span>Nie bez znaczenia jest r\u00f3wnie\u017c miejsce konferencji, kt\u00f3rym jest gmach Trybuna\u0142u Konstytucyjy. Instytucja ta jest jednym z podstawowych gwarant\u00f3w polskiej suwerenno\u015bci, albowiem nie istnieje mo\u017cliwo\u015b\u0107 narzucenia Polsce jakichkolwiek norm post\u0119powania, je\u017celi te sprzeczne b\u0119d\u0105 z Konstytucj\u0105 RP, kt\u00f3r\u0105 wyk\u0142adaj\u0105 s\u0119dziowie Trybuna\u0142u. Wybieraj\u0105c akurat to miejsce, pragniemy nawi\u0105za\u0107 do znaczenia powstania Kr\u00f3lestwa Polskiego, a zatem suwerenno\u015bci i niepodleg\u0142o\u015bci RP.<\/span><\/p>[\/et_pb_text][\/et_pb_column][\/et_pb_row][et_pb_row column_structure=&#8221;1_3,1_3,1_3&#8243; _builder_version=&#8221;4.27.4&#8243; _module_preset=&#8221;default&#8221; global_colors_info=&#8221;{}&#8221;][et_pb_column type=&#8221;1_3&#8243; _builder_version=&#8221;4.27.4&#8243; _module_preset=&#8221;default&#8221; global_colors_info=&#8221;{}&#8221;][et_pb_button button_url=&#8221;#program&#8221; button_text=&#8221;Komitet naukowy&#8221; button_alignment=&#8221;center&#8221; _builder_version=&#8221;4.27.4&#8243; _module_preset=&#8221;default&#8221; custom_button=&#8221;on&#8221; button_text_size=&#8221;22px&#8221; button_text_color=&#8221;#ffffff&#8221; button_bg_color=&#8221;#b29172&#8243; button_border_width=&#8221;0px&#8221; button_border_radius=&#8221;100px&#8221; global_colors_info=&#8221;{}&#8221;][\/et_pb_button][\/et_pb_column][et_pb_column type=&#8221;1_3&#8243; _builder_version=&#8221;4.27.4&#8243; _module_preset=&#8221;default&#8221; global_colors_info=&#8221;{}&#8221;][et_pb_button button_url=&#8221;#program&#8221; button_text=&#8221;Program Konferencji&#8221; button_alignment=&#8221;center&#8221; _builder_version=&#8221;4.27.4&#8243; _module_preset=&#8221;default&#8221; custom_button=&#8221;on&#8221; button_text_size=&#8221;22px&#8221; button_text_color=&#8221;#ffffff&#8221; button_bg_color=&#8221;#b29172&#8243; button_border_width=&#8221;0px&#8221; button_border_radius=&#8221;100px&#8221; global_colors_info=&#8221;{}&#8221;][\/et_pb_button][\/et_pb_column][et_pb_column type=&#8221;1_3&#8243; _builder_version=&#8221;4.27.4&#8243; _module_preset=&#8221;default&#8221; global_colors_info=&#8221;{}&#8221;][et_pb_button button_url=&#8221;#prelegenci&#8221; button_text=&#8221;Prelegenci&#8221; button_alignment=&#8221;center&#8221; _builder_version=&#8221;4.27.4&#8243; _module_preset=&#8221;default&#8221; custom_button=&#8221;on&#8221; button_text_size=&#8221;22px&#8221; button_text_color=&#8221;#ffffff&#8221; button_bg_color=&#8221;#b29172&#8243; button_border_width=&#8221;0px&#8221; button_border_radius=&#8221;100px&#8221; global_colors_info=&#8221;{}&#8221;][\/et_pb_button][\/et_pb_column][\/et_pb_row][\/et_pb_section][et_pb_section fb_built=&#8221;1&#8243; module_id=&#8221;komitet&#8221; _builder_version=&#8221;4.27.4&#8243; _module_preset=&#8221;default&#8221; background_color=&#8221;#351508&#8243; background_enable_image=&#8221;off&#8221; background_blend=&#8221;lighten&#8221; custom_padding=&#8221;|0px||||&#8221; global_colors_info=&#8221;{}&#8221;][et_pb_row _builder_version=&#8221;4.22.2&#8243; _module_preset=&#8221;default&#8221; custom_padding=&#8221;1px|||||&#8221; global_colors_info=&#8221;{}&#8221;][et_pb_column type=&#8221;4_4&#8243; _builder_version=&#8221;4.22.2&#8243; _module_preset=&#8221;default&#8221; global_colors_info=&#8221;{}&#8221;][et_pb_text _builder_version=&#8221;4.27.4&#8243; _module_preset=&#8221;default&#8221; text_font_size=&#8221;19px&#8221; text_line_height=&#8221;1.5em&#8221; header_text_color=&#8221;#FFFFFF&#8221; custom_margin=&#8221;38px||2px|||&#8221; global_colors_info=&#8221;{}&#8221;]<h1 style=\"text-align: center;\"><strong>Komitet naukowy<\/strong><\/h1>[\/et_pb_text][\/et_pb_column][\/et_pb_row][et_pb_row column_structure=&#8221;1_4,1_4,1_4,1_4&#8243; _builder_version=&#8221;4.27.4&#8243; _module_preset=&#8221;default&#8221; max_width=&#8221;1401px&#8221; global_colors_info=&#8221;{}&#8221;][et_pb_column type=&#8221;1_4&#8243; _builder_version=&#8221;4.27.4&#8243; _module_preset=&#8221;default&#8221; global_colors_info=&#8221;{}&#8221;][et_pb_image src=&#8221;https:\/\/konferencja1000lecia.pl\/wp-content\/uploads\/2026\/03\/DSC_3-1.jpg&#8221; title_text=&#8221;DSC_3-1&#8243; align=&#8221;right&#8221; _builder_version=&#8221;4.23.2&#8243; _module_preset=&#8221;default&#8221; global_colors_info=&#8221;{}&#8221;][\/et_pb_image][\/et_pb_column][et_pb_column type=&#8221;1_4&#8243; _builder_version=&#8221;4.27.4&#8243; _module_preset=&#8221;default&#8221; global_colors_info=&#8221;{}&#8221;][et_pb_text _builder_version=&#8221;4.27.4&#8243; _module_preset=&#8221;default&#8221; text_text_color=&#8221;#ffffff&#8221; text_line_height=&#8221;1.5em&#8221; custom_margin=&#8221;10px||18px|||&#8221; text_font_size_tablet=&#8221;&#8221; text_font_size_phone=&#8221;16px&#8221; text_font_size_last_edited=&#8221;on|phone&#8221; global_colors_info=&#8221;{}&#8221;]<p class=\"p1\"><strong>prof. dr hab. Anna \u0141abno<\/strong><\/p>\n<p class=\"p1\">Prawnik, konstytucjonalistka, pracownik naukowy Akademii Tarnowskiej<\/p>[\/et_pb_text][\/et_pb_column][et_pb_column type=&#8221;1_4&#8243; _builder_version=&#8221;4.27.4&#8243; _module_preset=&#8221;default&#8221; global_colors_info=&#8221;{}&#8221;][et_pb_image src=&#8221;https:\/\/konferencja1000lecia.pl\/wp-content\/uploads\/2026\/03\/zdj-miroslaw-szumilo.jpg&#8221; title_text=&#8221;zdj-miroslaw-szumilo&#8221; align=&#8221;right&#8221; _builder_version=&#8221;4.23.2&#8243; _module_preset=&#8221;default&#8221; global_colors_info=&#8221;{}&#8221;][\/et_pb_image][\/et_pb_column][et_pb_column type=&#8221;1_4&#8243; _builder_version=&#8221;4.27.4&#8243; _module_preset=&#8221;default&#8221; global_colors_info=&#8221;{}&#8221;][et_pb_text _builder_version=&#8221;4.27.4&#8243; _module_preset=&#8221;default&#8221; text_text_color=&#8221;#ffffff&#8221; text_line_height=&#8221;1.5em&#8221; custom_margin=&#8221;10px||18px|||&#8221; text_font_size_tablet=&#8221;&#8221; text_font_size_phone=&#8221;16px&#8221; text_font_size_last_edited=&#8221;on|phone&#8221; global_colors_info=&#8221;{}&#8221;]<p class=\"p1\"><strong>prof. dr hab. Miros\u0142aw Szumi\u0142o<\/strong><\/p>\n<p class=\"p1\">Historyk, pracownik naukowy Uniwersytetu Marii Curie-Sk\u0142odowskiej w Lublinie i Instytutu Pami\u0119ci Narodowej<\/p>[\/et_pb_text][\/et_pb_column][\/et_pb_row][et_pb_row column_structure=&#8221;1_4,1_4,1_4,1_4&#8243; _builder_version=&#8221;4.27.4&#8243; _module_preset=&#8221;default&#8221; max_width=&#8221;1401px&#8221; global_colors_info=&#8221;{}&#8221;][et_pb_column type=&#8221;1_4&#8243; _builder_version=&#8221;4.27.4&#8243; _module_preset=&#8221;default&#8221; global_colors_info=&#8221;{}&#8221;][et_pb_image src=&#8221;https:\/\/konferencja1000lecia.pl\/wp-content\/uploads\/2026\/03\/maxresdefault-1.jpg&#8221; title_text=&#8221;maxresdefault-1&#8243; align=&#8221;right&#8221; _builder_version=&#8221;4.23.2&#8243; _module_preset=&#8221;default&#8221; global_colors_info=&#8221;{}&#8221;][\/et_pb_image][\/et_pb_column][et_pb_column type=&#8221;1_4&#8243; _builder_version=&#8221;4.27.4&#8243; _module_preset=&#8221;default&#8221; global_colors_info=&#8221;{}&#8221;][et_pb_text _builder_version=&#8221;4.27.4&#8243; _module_preset=&#8221;default&#8221; text_text_color=&#8221;#ffffff&#8221; text_line_height=&#8221;1.5em&#8221; custom_margin=&#8221;10px||18px||false|false&#8221; text_font_size_tablet=&#8221;&#8221; text_font_size_phone=&#8221;16px&#8221; text_font_size_last_edited=&#8221;on|phone&#8221; global_colors_info=&#8221;{}&#8221;]<p class=\"p1\"><strong>dr hab. Jacek Janowski, <br \/>prof. PW <\/strong><\/p>\n<p class=\"p1\">Prawnik, specjalizuje si\u0119 w filozofii prawa i informatyce prawniczej<\/p>[\/et_pb_text][\/et_pb_column][et_pb_column type=&#8221;1_4&#8243; _builder_version=&#8221;4.27.4&#8243; _module_preset=&#8221;default&#8221; global_colors_info=&#8221;{}&#8221;][et_pb_image src=&#8221;https:\/\/konferencja1000lecia.pl\/wp-content\/uploads\/2026\/03\/zdj-zbigniew-krysiak.jpg&#8221; title_text=&#8221;zdj-zbigniew-krysiak&#8221; align=&#8221;right&#8221; _builder_version=&#8221;4.23.2&#8243; _module_preset=&#8221;default&#8221; global_colors_info=&#8221;{}&#8221;][\/et_pb_image][\/et_pb_column][et_pb_column type=&#8221;1_4&#8243; _builder_version=&#8221;4.27.4&#8243; _module_preset=&#8221;default&#8221; global_colors_info=&#8221;{}&#8221;][et_pb_text _builder_version=&#8221;4.27.4&#8243; _module_preset=&#8221;default&#8221; text_text_color=&#8221;#ffffff&#8221; text_line_height=&#8221;1.5em&#8221; custom_margin=&#8221;10px||18px|||&#8221; text_font_size_tablet=&#8221;&#8221; text_font_size_phone=&#8221;16px&#8221; text_font_size_last_edited=&#8221;on|phone&#8221; global_colors_info=&#8221;{}&#8221;]<p class=\"p1\"><strong>dr hab. Zbigniew Krysiak, prof. SGH<\/strong>\u00a0<\/p>\n<p class=\"p1\">ekonomista, przewodnicz\u0105cy rady programowej Instytutu My\u015bli Schumana<\/p>[\/et_pb_text][\/et_pb_column][\/et_pb_row][et_pb_row column_structure=&#8221;1_4,1_4,1_4,1_4&#8243; _builder_version=&#8221;4.27.4&#8243; _module_preset=&#8221;default&#8221; max_width=&#8221;1401px&#8221; global_colors_info=&#8221;{}&#8221;][et_pb_column type=&#8221;1_4&#8243; _builder_version=&#8221;4.27.4&#8243; _module_preset=&#8221;default&#8221; global_colors_info=&#8221;{}&#8221;][et_pb_image src=&#8221;https:\/\/konferencja1000lecia.pl\/wp-content\/uploads\/2026\/03\/hq720-1.jpg&#8221; title_text=&#8221;hq720-1&#8243; align=&#8221;right&#8221; _builder_version=&#8221;4.23.2&#8243; _module_preset=&#8221;default&#8221; global_colors_info=&#8221;{}&#8221;][\/et_pb_image][\/et_pb_column][et_pb_column type=&#8221;1_4&#8243; _builder_version=&#8221;4.27.4&#8243; _module_preset=&#8221;default&#8221; global_colors_info=&#8221;{}&#8221;][et_pb_text _builder_version=&#8221;4.27.4&#8243; _module_preset=&#8221;default&#8221; text_text_color=&#8221;#ffffff&#8221; text_line_height=&#8221;1.5em&#8221; custom_margin=&#8221;10px||18px|||&#8221; text_font_size_tablet=&#8221;&#8221; text_font_size_phone=&#8221;16px&#8221; text_font_size_last_edited=&#8221;on|phone&#8221; global_colors_info=&#8221;{}&#8221;]<p class=\"p1\"><strong>dr hab. W\u0142odzimierz D\u0142ubacz<\/strong><\/p>\n<p class=\"p1\">Filozof klasyczny, pracownik naukowy Katolickiego Uniwersytetu Lubelskiego Jana Paw\u0142a II<\/p>[\/et_pb_text][\/et_pb_column][et_pb_column type=&#8221;1_4&#8243; _builder_version=&#8221;4.27.4&#8243; _module_preset=&#8221;default&#8221; global_colors_info=&#8221;{}&#8221;][et_pb_image src=&#8221;https:\/\/konferencja1000lecia.pl\/wp-content\/uploads\/2026\/03\/zdj-krzysztof-szczucki.jpg&#8221; title_text=&#8221;zdj-krzysztof-szczucki&#8221; align=&#8221;right&#8221; _builder_version=&#8221;4.23.2&#8243; _module_preset=&#8221;default&#8221; global_colors_info=&#8221;{}&#8221;][\/et_pb_image][\/et_pb_column][et_pb_column type=&#8221;1_4&#8243; _builder_version=&#8221;4.27.4&#8243; _module_preset=&#8221;default&#8221; global_colors_info=&#8221;{}&#8221;][et_pb_text _builder_version=&#8221;4.27.4&#8243; _module_preset=&#8221;default&#8221; text_text_color=&#8221;#ffffff&#8221; text_line_height=&#8221;1.5em&#8221; custom_margin=&#8221;10px||18px|||&#8221; text_font_size_tablet=&#8221;&#8221; text_font_size_phone=&#8221;16px&#8221; text_font_size_last_edited=&#8221;on|phone&#8221; global_colors_info=&#8221;{}&#8221;]<p class=\"p1\"><strong>dr hab. Krzysztof Szczucki<\/strong><\/p>\n<p class=\"p1\">Prawnik, urz\u0119dnik pa\u0144stwowy i polityk, b. minister edukacji i nauki<\/p>[\/et_pb_text][\/et_pb_column][\/et_pb_row][et_pb_row column_structure=&#8221;1_4,1_4,1_4,1_4&#8243; _builder_version=&#8221;4.27.4&#8243; _module_preset=&#8221;default&#8221; max_width=&#8221;1401px&#8221; global_colors_info=&#8221;{}&#8221;][et_pb_column type=&#8221;1_4&#8243; _builder_version=&#8221;4.27.4&#8243; _module_preset=&#8221;default&#8221; global_colors_info=&#8221;{}&#8221;][et_pb_image src=&#8221;https:\/\/konferencja1000lecia.pl\/wp-content\/uploads\/2026\/03\/5vTkO4I3_400x400-1.jpg&#8221; title_text=&#8221;5vTkO4I3_400x400-1&#8243; align=&#8221;right&#8221; _builder_version=&#8221;4.23.2&#8243; _module_preset=&#8221;default&#8221; global_colors_info=&#8221;{}&#8221;][\/et_pb_image][\/et_pb_column][et_pb_column type=&#8221;1_4&#8243; _builder_version=&#8221;4.27.4&#8243; _module_preset=&#8221;default&#8221; global_colors_info=&#8221;{}&#8221;][et_pb_text _builder_version=&#8221;4.27.4&#8243; _module_preset=&#8221;default&#8221; text_text_color=&#8221;#ffffff&#8221; text_line_height=&#8221;1.5em&#8221; custom_margin=&#8221;10px||18px|||&#8221; text_font_size_tablet=&#8221;&#8221; text_font_size_phone=&#8221;16px&#8221; text_font_size_last_edited=&#8221;on|phone&#8221; global_colors_info=&#8221;{}&#8221;]<p class=\"p1\"><strong>dr \u0141ukasz Bernaci\u0144ski<\/strong><\/p>\n<p class=\"p1\">Prawnik, specjalizuje si\u0119 w prawie wyznaniowym i konstytucyjnym, cz\u0142onek zarz\u0105du Instytutu na rzecz Kultury Prawnej Ordo Iuris<\/p>[\/et_pb_text][\/et_pb_column][et_pb_column type=&#8221;1_4&#8243; _builder_version=&#8221;4.27.4&#8243; _module_preset=&#8221;default&#8221; global_colors_info=&#8221;{}&#8221;][\/et_pb_column][et_pb_column type=&#8221;1_4&#8243; _builder_version=&#8221;4.27.4&#8243; _module_preset=&#8221;default&#8221; global_colors_info=&#8221;{}&#8221;][\/et_pb_column][\/et_pb_row][\/et_pb_section][et_pb_section fb_built=&#8221;1&#8243; module_id=&#8221;program&#8221; _builder_version=&#8221;4.27.4&#8243; _module_preset=&#8221;default&#8221; background_color=&#8221;rgba(255,255,255,0.39)&#8221; background_image=&#8221;https:\/\/konferencja1000lecia.pl\/wp-content\/uploads\/2025\/03\/AdobeStock_564772080.webp&#8221; background_blend=&#8221;lighten&#8221; global_colors_info=&#8221;{}&#8221;][et_pb_row _builder_version=&#8221;4.22.2&#8243; _module_preset=&#8221;default&#8221; custom_padding=&#8221;1px|||||&#8221; global_colors_info=&#8221;{}&#8221;][et_pb_column type=&#8221;4_4&#8243; _builder_version=&#8221;4.22.2&#8243; _module_preset=&#8221;default&#8221; global_colors_info=&#8221;{}&#8221;][et_pb_text _builder_version=&#8221;4.27.4&#8243; _module_preset=&#8221;default&#8221; text_font_size=&#8221;19px&#8221; text_line_height=&#8221;1.5em&#8221; custom_margin=&#8221;38px||2px|||&#8221; global_colors_info=&#8221;{}&#8221;]<h1 style=\"text-align: center;\"><strong>Program Konferencji<\/strong><\/h1>[\/et_pb_text][et_pb_text _builder_version=&#8221;4.27.4&#8243; _module_preset=&#8221;default&#8221; text_font_size=&#8221;21px&#8221; text_line_height=&#8221;1.5em&#8221; custom_margin=&#8221;10px|||||&#8221; text_font_size_tablet=&#8221;21px&#8221; text_font_size_phone=&#8221;19px&#8221; text_font_size_last_edited=&#8221;on|phone&#8221; text_orientation_tablet=&#8221;&#8221; text_orientation_phone=&#8221;center&#8221; text_orientation_last_edited=&#8221;on|phone&#8221; global_colors_info=&#8221;{}&#8221;]<p class=\"p1\">Konferencja historyczno-prawnoustrojowa \u201eTysi\u0105c lat obecno\u015bci Polski w elicie pa\u0144stw europejskich\u201d<\/p>[\/et_pb_text][\/et_pb_column][\/et_pb_row][et_pb_row column_structure=&#8221;2_5,3_5&#8243; disabled_on=&#8221;off|off|off&#8221; _builder_version=&#8221;4.27.4&#8243; _module_preset=&#8221;default&#8221; global_colors_info=&#8221;{}&#8221;][et_pb_column type=&#8221;2_5&#8243; _builder_version=&#8221;4.27.4&#8243; _module_preset=&#8221;default&#8221; global_colors_info=&#8221;{}&#8221;][et_pb_image src=&#8221;https:\/\/konferencja1000lecia.pl\/wp-content\/uploads\/2026\/03\/Budynek__11___Sredni_.jpg&#8221; title_text=&#8221;Budynek__11___Sredni_&#8221; _builder_version=&#8221;4.23.2&#8243; _module_preset=&#8221;default&#8221; border_radii=&#8221;on|4px|4px|4px|4px&#8221; box_shadow_style=&#8221;preset1&#8243; global_colors_info=&#8221;{}&#8221;][\/et_pb_image][\/et_pb_column][et_pb_column type=&#8221;3_5&#8243; _builder_version=&#8221;4.27.4&#8243; _module_preset=&#8221;default&#8221; global_colors_info=&#8221;{}&#8221;][et_pb_text _builder_version=&#8221;4.27.4&#8243; _module_preset=&#8221;default&#8221; text_font_size=&#8221;19px&#8221; text_line_height=&#8221;1.5em&#8221; custom_margin=&#8221;34px|||||&#8221; text_font_size_tablet=&#8221;&#8221; text_font_size_phone=&#8221;16px&#8221; text_font_size_last_edited=&#8221;on|phone&#8221; global_colors_info=&#8221;{}&#8221;]<p class=\"p1\">25 kwietnia 2025 r.<br \/><b>Trybuna\u0142 Konstytucyjny<\/b><br \/>Al. Jana Chrystiana Szucha 12A, 00-918 Warszawa<\/p>\n<p class=\"p1\">9.40-9.55 rejestracja uczestnik\u00f3w<\/p>[\/et_pb_text][\/et_pb_column][\/et_pb_row][et_pb_row _builder_version=&#8221;4.22.2&#8243; _module_preset=&#8221;default&#8221; global_colors_info=&#8221;{}&#8221;][et_pb_column type=&#8221;4_4&#8243; _builder_version=&#8221;4.20.4&#8243; _module_preset=&#8221;default&#8221; global_colors_info=&#8221;{}&#8221;][et_pb_text _builder_version=&#8221;4.27.4&#8243; _module_preset=&#8221;default&#8221; text_line_height=&#8221;1.5em&#8221; custom_margin=&#8221;||||false|false&#8221; custom_padding=&#8221;20px||||false|false&#8221; text_font_size_tablet=&#8221;&#8221; text_font_size_phone=&#8221;16px&#8221; text_font_size_last_edited=&#8221;on|phone&#8221; border_width_top=&#8221;2px&#8221; border_color_top=&#8221;#6d2400&#8243; global_colors_info=&#8221;{}&#8221;]<p class=\"p1\"><b>Otwarcie konferencji<\/b><\/p>\n<p class=\"p1\">10.00-10.10 \u2013 Prezes Trybuna\u0142u Konstytucyjnego Bogdan \u015awi\u0119czkowski<\/p>\n<p class=\"p1\">10.10-10.20 \u2013 Rektor Szko\u0142y G\u0142\u00f3wnej Miko\u0142aja Kopernika prof. Gertruda U\u015bci\u0144ska<\/p>\n<p class=\"p1\">10.20-10.30 \u2013 <span>Prezes Instytutu na rzecz Kultury Prawnej Ordo Iuris<\/span> Jerzy Kwa\u015bniewski<\/p>[\/et_pb_text][et_pb_text _builder_version=&#8221;4.27.4&#8243; _module_preset=&#8221;default&#8221; text_line_height=&#8221;1.5em&#8221; custom_margin=&#8221;||||false|false&#8221; custom_padding=&#8221;20px||||false|false&#8221; text_font_size_tablet=&#8221;&#8221; text_font_size_phone=&#8221;16px&#8221; text_font_size_last_edited=&#8221;on|phone&#8221; border_width_top=&#8221;2px&#8221; border_color_top=&#8221;#6d2400&#8243; global_colors_info=&#8221;{}&#8221;]<p class=\"p1\"><b>Wyk\u0142ad Jubileuszowy<\/b><\/p>\n<p class=\"p1\">10.30-11.30 \u2013 Prof. dr hab. Wojciech Polak, Uniwersytet Miko\u0142aja Kopernika w Toruniu &#8211; <span class=\"s1\"><i>Koronacja Boles\u0142awa Chrobrego<\/i><\/span><\/p>[\/et_pb_text][et_pb_text _builder_version=&#8221;4.27.4&#8243; _module_preset=&#8221;default&#8221; text_line_height=&#8221;1.5em&#8221; custom_margin=&#8221;||||false|false&#8221; custom_padding=&#8221;20px||||false|false&#8221; text_font_size_tablet=&#8221;&#8221; text_font_size_phone=&#8221;16px&#8221; text_font_size_last_edited=&#8221;on|phone&#8221; border_width_top=&#8221;2px&#8221; border_color_top=&#8221;#6d2400&#8243; global_colors_info=&#8221;{}&#8221;]<p class=\"p1\"><b>Przerwa Kawowa<\/b><br \/>11.30 \u2013 11.40<\/p>[\/et_pb_text][et_pb_text _builder_version=&#8221;4.27.4&#8243; _module_preset=&#8221;default&#8221; text_line_height=&#8221;1.5em&#8221; custom_margin=&#8221;||||false|false&#8221; custom_padding=&#8221;20px||||false|false&#8221; text_font_size_tablet=&#8221;&#8221; text_font_size_phone=&#8221;16px&#8221; text_font_size_last_edited=&#8221;on|phone&#8221; border_width_top=&#8221;2px&#8221; border_color_top=&#8221;#6d2400&#8243; global_colors_info=&#8221;{}&#8221;]<p class=\"p1\"><b>Sesja plenarna<\/b><\/p>\n<p class=\"p1\">11.40-11.55 \u2013 dr Krzysztof Rak<span>, O\u015brodek Analiz Strategicznych, <\/span><em data-renderer-mark=\"true\">Kwestia niemiecka a r\u00f3wnowaga si\u0142 w Europie (gar\u015b\u0107 refleksji)<\/em><\/p>\n<p class=\"p1\">11.55-12.10 \u2013 Prof. dr hab. El\u017cbieta Karska, Uniwersytet Kardyna\u0142a Stefana Wyszy\u0144skiego w Warszawie &#8211; <span class=\"s1\"><i>Wk\u0142ad Polak\u00f3w w rozw\u00f3j \u015bredniowiecznego prawa mi\u0119dzynarodowego<\/i><i><\/i><\/span><\/p>\n<p class=\"p1\">12.10-12.25 \u2013 Dr hab. W\u0142odzimierz D\u0142ubacz, Katolicki Uniwersytet Lubelski, <span class=\"s1\"><i>Polska w kr\u0119gu kultury chrze\u015bcija\u0144skiej\u00a0<\/i><\/span><\/p>\n<p class=\"p1\">12.25-12.40 &#8211; dr \u0141ukasz Bernaci\u0144ski, Instytut na rzecz Kultury Prawnej Ordo Iuris &#8211;<span class=\"Apple-converted-space\">\u00a0 <\/span><span class=\"s1\"><i>Ewolucja koncepcji relacji pa\u0144stwo-ko\u015bci\u00f3\u0142 na przestrzeni wiek\u00f3w<\/i><i><\/i><\/span><\/p>\n<p class=\"p1\">12.40-12.55 Prof. dr hab. Miros\u0142aw Szumi\u0142o, Uniwersytet Marii Curie-Sk\u0142odowskiej w Lublinie &#8211;<span class=\"Apple-converted-space\">\u00a0 <\/span><span class=\"s1\"><i>Konstytucja kwietniowa a ci\u0105g\u0142o\u015b\u0107 pa\u0144stwa polskiego na uchod\u017astwie<\/i><i><\/i><\/span><\/p>\n<p class=\"p1\">12.55-13.10 \u2013 Dr Marcin Olsz\u00f3wka, Szko\u0142a G\u0142\u00f3wna Miko\u0142aja Kopernika &#8211; <span class=\"s1\"><i>Wszystko co cenne z ponad tysi\u0105cletniego dorobku<\/i><\/span><\/p>\n<p class=\"p2\"><span class=\"s2\">13.10-13.25 \u2013 Prof. dr hab. Anna \u0141abno, Akademia Tarnowska &#8211;<span class=\"Apple-converted-space\">\u00a0 <\/span><\/span><i>\u201eRzeczpospolita\u201d &#8211; nazwa Pa\u0144stwa Polskiego czy tak\u017ce jego idea?<\/i><i><\/i><\/p>\n<p class=\"p1\">13.25-14.00 \u2013 <span>dyskusja i pytania<\/span><\/p>[\/et_pb_text][et_pb_text _builder_version=&#8221;4.27.4&#8243; _module_preset=&#8221;default&#8221; text_line_height=&#8221;1.5em&#8221; custom_margin=&#8221;||||false|false&#8221; custom_padding=&#8221;20px||||false|false&#8221; text_font_size_tablet=&#8221;&#8221; text_font_size_phone=&#8221;16px&#8221; text_font_size_last_edited=&#8221;on|phone&#8221; border_width_top=&#8221;2px&#8221; border_color_top=&#8221;#6d2400&#8243; global_colors_info=&#8221;{}&#8221;]<p class=\"p1\"><b>Przerwa kawowa<\/b><\/p>\n<p class=\"p1\">14.00-14.20<\/p>[\/et_pb_text][et_pb_text _builder_version=&#8221;4.27.4&#8243; _module_preset=&#8221;default&#8221; text_line_height=&#8221;1.5em&#8221; custom_margin=&#8221;||||false|false&#8221; custom_padding=&#8221;20px||||false|false&#8221; text_font_size_tablet=&#8221;&#8221; text_font_size_phone=&#8221;16px&#8221; text_font_size_last_edited=&#8221;on|phone&#8221; border_width_top=&#8221;2px&#8221; border_color_top=&#8221;#6d2400&#8243; global_colors_info=&#8221;{}&#8221;]<p class=\"p1\"><b>Panel dyskusyjny \u2013 Zagro\u017cenia dla suwerenno\u015bci i pozycji mi\u0119dzynarodowej Polski <\/b>\u2013 <span>adw. <\/span>Jerzy Kwa\u015bniewski, <span>dr hab. <\/span>Krzysztof Szczucki, dr hab. Jacek Janowski prof. PW; dr hab. Zbigniew Krysiak prof. SGH<\/p>\n<p class=\"p1\">14.20-15.50 \u2013 debata wraz z pytaniami od publiczno\u015bci<\/p>[\/et_pb_text][et_pb_text _builder_version=&#8221;4.27.4&#8243; _module_preset=&#8221;default&#8221; text_line_height=&#8221;1.5em&#8221; custom_margin=&#8221;||||false|false&#8221; custom_padding=&#8221;20px||||false|false&#8221; text_font_size_tablet=&#8221;&#8221; text_font_size_phone=&#8221;16px&#8221; text_font_size_last_edited=&#8221;on|phone&#8221; border_width_top=&#8221;2px&#8221; border_color_top=&#8221;#6d2400&#8243; global_colors_info=&#8221;{}&#8221;]<p class=\"p1\">15.50-16.00 &#8211; <b>Podsumowanie konferencji <\/b>\u2013 prof. dr hab. Anna \u0141abno<\/p>[\/et_pb_text][\/et_pb_column][\/et_pb_row][\/et_pb_section][et_pb_section fb_built=&#8221;1&#8243; module_id=&#8221;prelegenci&#8221; _builder_version=&#8221;4.27.4&#8243; _module_preset=&#8221;default&#8221; background_color=&#8221;#351508&#8243; background_enable_image=&#8221;off&#8221; background_blend=&#8221;lighten&#8221; custom_padding=&#8221;|0px||||&#8221; global_colors_info=&#8221;{}&#8221;][et_pb_row _builder_version=&#8221;4.22.2&#8243; _module_preset=&#8221;default&#8221; custom_padding=&#8221;1px|||||&#8221; global_colors_info=&#8221;{}&#8221;][et_pb_column type=&#8221;4_4&#8243; _builder_version=&#8221;4.22.2&#8243; _module_preset=&#8221;default&#8221; global_colors_info=&#8221;{}&#8221;][et_pb_text _builder_version=&#8221;4.27.4&#8243; _module_preset=&#8221;default&#8221; text_font_size=&#8221;19px&#8221; text_line_height=&#8221;1.5em&#8221; header_text_color=&#8221;#FFFFFF&#8221; custom_margin=&#8221;38px||2px|||&#8221; global_colors_info=&#8221;{}&#8221;]<h1 style=\"text-align: center;\"><strong>Prelegenci<\/strong><\/h1>[\/et_pb_text][\/et_pb_column][\/et_pb_row][et_pb_row column_structure=&#8221;1_4,1_4,1_4,1_4&#8243; _builder_version=&#8221;4.27.4&#8243; _module_preset=&#8221;default&#8221; max_width=&#8221;1401px&#8221; global_colors_info=&#8221;{}&#8221;][et_pb_column type=&#8221;1_4&#8243; _builder_version=&#8221;4.27.4&#8243; _module_preset=&#8221;default&#8221; global_colors_info=&#8221;{}&#8221;][et_pb_image src=&#8221;https:\/\/konferencja1000lecia.pl\/wp-content\/uploads\/2026\/03\/5vTkO4I3_400x400-1.jpg&#8221; title_text=&#8221;5vTkO4I3_400x400-1&#8243; align=&#8221;right&#8221; _builder_version=&#8221;4.23.2&#8243; _module_preset=&#8221;default&#8221; global_colors_info=&#8221;{}&#8221;][\/et_pb_image][\/et_pb_column][et_pb_column type=&#8221;1_4&#8243; _builder_version=&#8221;4.27.4&#8243; _module_preset=&#8221;default&#8221; global_colors_info=&#8221;{}&#8221;][et_pb_text _builder_version=&#8221;4.27.4&#8243; _module_preset=&#8221;default&#8221; text_text_color=&#8221;#ffffff&#8221; text_line_height=&#8221;1.5em&#8221; custom_margin=&#8221;10px||18px|||&#8221; text_font_size_tablet=&#8221;&#8221; text_font_size_phone=&#8221;16px&#8221; text_font_size_last_edited=&#8221;on|phone&#8221; global_colors_info=&#8221;{}&#8221;]<p class=\"p1\"><strong>\u0141ukasz Bernaci\u0144ski<\/strong><\/p>\n<p class=\"p1\">Doktor nauk prawnych, specjalizuje si\u0119 w prawie wyznaniowym i konstytucyjnym, cz\u0142onek zarz\u0105du Instytutu na rzecz Kultury Prawnej Ordo Iuris<\/p>[\/et_pb_text][\/et_pb_column][et_pb_column type=&#8221;1_4&#8243; _builder_version=&#8221;4.27.4&#8243; _module_preset=&#8221;default&#8221; global_colors_info=&#8221;{}&#8221;][et_pb_image src=&#8221;https:\/\/konferencja1000lecia.pl\/wp-content\/uploads\/2026\/03\/hq720-1.jpg&#8221; title_text=&#8221;hq720-1&#8243; align=&#8221;right&#8221; _builder_version=&#8221;4.23.2&#8243; _module_preset=&#8221;default&#8221; global_colors_info=&#8221;{}&#8221;][\/et_pb_image][\/et_pb_column][et_pb_column type=&#8221;1_4&#8243; _builder_version=&#8221;4.27.4&#8243; _module_preset=&#8221;default&#8221; global_colors_info=&#8221;{}&#8221;][et_pb_text _builder_version=&#8221;4.27.4&#8243; _module_preset=&#8221;default&#8221; text_text_color=&#8221;#ffffff&#8221; text_line_height=&#8221;1.5em&#8221; custom_margin=&#8221;10px||18px|||&#8221; text_font_size_tablet=&#8221;&#8221; text_font_size_phone=&#8221;16px&#8221; text_font_size_last_edited=&#8221;on|phone&#8221; global_colors_info=&#8221;{}&#8221;]<p class=\"p1\"><strong>W\u0142odzimierz D\u0142ubacz<\/strong><\/p>\n<p class=\"p1\">Doktor habilitowany, filozof klasyczny, pracownik naukowy Katolickiego Uniwersytetu Lubelskiego Jana Paw\u0142a II<\/p>[\/et_pb_text][\/et_pb_column][\/et_pb_row][et_pb_row column_structure=&#8221;1_4,1_4,1_4,1_4&#8243; _builder_version=&#8221;4.27.4&#8243; _module_preset=&#8221;default&#8221; max_width=&#8221;1401px&#8221; global_colors_info=&#8221;{}&#8221;][et_pb_column type=&#8221;1_4&#8243; _builder_version=&#8221;4.27.4&#8243; _module_preset=&#8221;default&#8221; global_colors_info=&#8221;{}&#8221;][et_pb_image src=&#8221;https:\/\/konferencja1000lecia.pl\/wp-content\/uploads\/2026\/03\/maxresdefault-1.jpg&#8221; title_text=&#8221;maxresdefault-1&#8243; align=&#8221;right&#8221; _builder_version=&#8221;4.23.2&#8243; _module_preset=&#8221;default&#8221; global_colors_info=&#8221;{}&#8221;][\/et_pb_image][\/et_pb_column][et_pb_column type=&#8221;1_4&#8243; _builder_version=&#8221;4.27.4&#8243; _module_preset=&#8221;default&#8221; global_colors_info=&#8221;{}&#8221;][et_pb_text _builder_version=&#8221;4.27.4&#8243; _module_preset=&#8221;default&#8221; text_text_color=&#8221;#ffffff&#8221; text_line_height=&#8221;1.5em&#8221; custom_margin=&#8221;10px||18px|||&#8221; text_font_size_tablet=&#8221;&#8221; text_font_size_phone=&#8221;16px&#8221; text_font_size_last_edited=&#8221;on|phone&#8221; global_colors_info=&#8221;{}&#8221;]<p class=\"p1\"><strong>Jacek Janowski<\/strong><\/p>\n<p class=\"p1\">Doktor Habilitowany, profesor Politechniki Warszawskiej, specjalizuje si\u0119 w filozofii prawa i informatyce prawniczej<\/p>[\/et_pb_text][\/et_pb_column][et_pb_column type=&#8221;1_4&#8243; _builder_version=&#8221;4.27.4&#8243; _module_preset=&#8221;default&#8221; global_colors_info=&#8221;{}&#8221;][et_pb_image src=&#8221;https:\/\/konferencja1000lecia.pl\/wp-content\/uploads\/2026\/03\/zdj-elzbieta-kraska.jpg&#8221; title_text=&#8221;zdj-elzbieta-kraska&#8221; align=&#8221;right&#8221; _builder_version=&#8221;4.23.2&#8243; _module_preset=&#8221;default&#8221; global_colors_info=&#8221;{}&#8221;][\/et_pb_image][\/et_pb_column][et_pb_column type=&#8221;1_4&#8243; _builder_version=&#8221;4.27.4&#8243; _module_preset=&#8221;default&#8221; global_colors_info=&#8221;{}&#8221;][et_pb_text _builder_version=&#8221;4.27.4&#8243; _module_preset=&#8221;default&#8221; text_text_color=&#8221;#ffffff&#8221; text_line_height=&#8221;1.5em&#8221; custom_margin=&#8221;10px||18px|||&#8221; text_font_size_tablet=&#8221;&#8221; text_font_size_phone=&#8221;16px&#8221; text_font_size_last_edited=&#8221;on|phone&#8221; global_colors_info=&#8221;{}&#8221;]<p class=\"p1\"><strong>El\u017cbieta Karska<\/strong><\/p>\n<p class=\"p1\">Profesor nauk prawnych, s\u0119dzia S\u0105du Najwy\u017cszego, pracownik naukowy Uniwersytetu Kardyna\u0142a Stefana Wyszy\u0144skiego w Warszawie, specjalizuje si\u0119 w prawie mi\u0119dzynarodowym, prawie europejskim i prawach cz\u0142owieka<\/p>[\/et_pb_text][\/et_pb_column][\/et_pb_row][et_pb_row column_structure=&#8221;1_4,1_4,1_4,1_4&#8243; _builder_version=&#8221;4.27.4&#8243; _module_preset=&#8221;default&#8221; max_width=&#8221;1401px&#8221; global_colors_info=&#8221;{}&#8221;][et_pb_column type=&#8221;1_4&#8243; _builder_version=&#8221;4.27.4&#8243; _module_preset=&#8221;default&#8221; global_colors_info=&#8221;{}&#8221;][et_pb_image src=&#8221;https:\/\/konferencja1000lecia.pl\/wp-content\/uploads\/2026\/03\/zdj-zbigniew-krysiak.jpg&#8221; title_text=&#8221;zdj-zbigniew-krysiak&#8221; align=&#8221;right&#8221; _builder_version=&#8221;4.23.2&#8243; _module_preset=&#8221;default&#8221; global_colors_info=&#8221;{}&#8221;][\/et_pb_image][\/et_pb_column][et_pb_column type=&#8221;1_4&#8243; _builder_version=&#8221;4.27.4&#8243; _module_preset=&#8221;default&#8221; global_colors_info=&#8221;{}&#8221;][et_pb_text _builder_version=&#8221;4.27.4&#8243; _module_preset=&#8221;default&#8221; text_text_color=&#8221;#ffffff&#8221; text_line_height=&#8221;1.5em&#8221; custom_margin=&#8221;10px||18px|||&#8221; text_font_size_tablet=&#8221;&#8221; text_font_size_phone=&#8221;16px&#8221; text_font_size_last_edited=&#8221;on|phone&#8221; global_colors_info=&#8221;{}&#8221;]<p class=\"p1\"><strong>Zbigniew Krysiak<\/strong><\/p>\n<p class=\"p1\">Doktor habilitowany, profesor Szko\u0142y G\u0142\u00f3wnej Handlowej, ekonomista, Przewodnicz\u0105cy Rady Programowej Instytutu My\u015bli Schumana.<\/p>[\/et_pb_text][\/et_pb_column][et_pb_column type=&#8221;1_4&#8243; _builder_version=&#8221;4.27.4&#8243; _module_preset=&#8221;default&#8221; global_colors_info=&#8221;{}&#8221;][et_pb_image src=&#8221;https:\/\/konferencja1000lecia.pl\/wp-content\/uploads\/2026\/03\/680c7f0a-bcdb-441e-95d8-e3ff23b3e54d.jpg&#8221; title_text=&#8221;680c7f0a-bcdb-441e-95d8-e3ff23b3e54d&#8221; align=&#8221;right&#8221; _builder_version=&#8221;4.23.2&#8243; _module_preset=&#8221;default&#8221; global_colors_info=&#8221;{}&#8221;][\/et_pb_image][\/et_pb_column][et_pb_column type=&#8221;1_4&#8243; _builder_version=&#8221;4.27.4&#8243; _module_preset=&#8221;default&#8221; global_colors_info=&#8221;{}&#8221;][et_pb_text _builder_version=&#8221;4.27.4&#8243; _module_preset=&#8221;default&#8221; text_text_color=&#8221;#ffffff&#8221; text_line_height=&#8221;1.5em&#8221; custom_margin=&#8221;10px||18px|||&#8221; text_font_size_tablet=&#8221;&#8221; text_font_size_phone=&#8221;16px&#8221; text_font_size_last_edited=&#8221;on|phone&#8221; global_colors_info=&#8221;{}&#8221;]<p class=\"p1\"><strong>Jerzy Kwa\u015bniewski<\/strong><\/p>\n<p class=\"p1\">Adwokat, prezes zarz\u0105du Instytutu na rzecz Kultury Prawnej Ordo Iuris<\/p>[\/et_pb_text][\/et_pb_column][\/et_pb_row][et_pb_row column_structure=&#8221;1_4,1_4,1_4,1_4&#8243; _builder_version=&#8221;4.27.4&#8243; _module_preset=&#8221;default&#8221; max_width=&#8221;1401px&#8221; global_colors_info=&#8221;{}&#8221;][et_pb_column type=&#8221;1_4&#8243; _builder_version=&#8221;4.27.4&#8243; _module_preset=&#8221;default&#8221; global_colors_info=&#8221;{}&#8221;][et_pb_image src=&#8221;https:\/\/konferencja1000lecia.pl\/wp-content\/uploads\/2026\/03\/DSC_3-1.jpg&#8221; title_text=&#8221;DSC_3-1&#8243; align=&#8221;right&#8221; _builder_version=&#8221;4.23.2&#8243; _module_preset=&#8221;default&#8221; global_colors_info=&#8221;{}&#8221;][\/et_pb_image][\/et_pb_column][et_pb_column type=&#8221;1_4&#8243; _builder_version=&#8221;4.27.4&#8243; _module_preset=&#8221;default&#8221; global_colors_info=&#8221;{}&#8221;][et_pb_text _builder_version=&#8221;4.27.4&#8243; _module_preset=&#8221;default&#8221; text_text_color=&#8221;#ffffff&#8221; text_line_height=&#8221;1.5em&#8221; custom_margin=&#8221;10px||18px|||&#8221; text_font_size_tablet=&#8221;&#8221; text_font_size_phone=&#8221;16px&#8221; text_font_size_last_edited=&#8221;on|phone&#8221; global_colors_info=&#8221;{}&#8221;]<p class=\"p1\"><strong>Anna \u0141abno<\/strong><\/p>\n<p class=\"p1\">Profesor nauk prawnych, konstytucjonalistka, pracownik naukowy Akademii Tarnowskiej<\/p>[\/et_pb_text][\/et_pb_column][et_pb_column type=&#8221;1_4&#8243; _builder_version=&#8221;4.27.4&#8243; _module_preset=&#8221;default&#8221; global_colors_info=&#8221;{}&#8221;][et_pb_image src=&#8221;https:\/\/konferencja1000lecia.pl\/wp-content\/uploads\/2026\/03\/zdj-marcin-olszowka-1.jpg&#8221; title_text=&#8221;zdj-marcin-olszowka (1)&#8221; align=&#8221;right&#8221; _builder_version=&#8221;4.23.2&#8243; _module_preset=&#8221;default&#8221; global_colors_info=&#8221;{}&#8221;][\/et_pb_image][\/et_pb_column][et_pb_column type=&#8221;1_4&#8243; _builder_version=&#8221;4.27.4&#8243; _module_preset=&#8221;default&#8221; global_colors_info=&#8221;{}&#8221;][et_pb_text _builder_version=&#8221;4.27.4&#8243; _module_preset=&#8221;default&#8221; text_text_color=&#8221;#ffffff&#8221; text_line_height=&#8221;1.5em&#8221; custom_margin=&#8221;10px||18px|||&#8221; text_font_size_tablet=&#8221;&#8221; text_font_size_phone=&#8221;16px&#8221; text_font_size_last_edited=&#8221;on|phone&#8221; global_colors_info=&#8221;{}&#8221;]<p class=\"p1\"><strong>Marcin Olsz\u00f3wka<\/strong><\/p>\n<p class=\"p1\">Doktor nauk prawnych, adiunkt Szko\u0142y G\u0142\u00f3wnej Miko\u0142aja Kopernika, od 2022 r. cz\u0142onek Rady Legislacyjnej przy Prezesie Rady Ministr\u00f3w<\/p>[\/et_pb_text][\/et_pb_column][\/et_pb_row][et_pb_row column_structure=&#8221;1_4,1_4,1_4,1_4&#8243; _builder_version=&#8221;4.27.4&#8243; _module_preset=&#8221;default&#8221; max_width=&#8221;1401px&#8221; global_colors_info=&#8221;{}&#8221;][et_pb_column type=&#8221;1_4&#8243; _builder_version=&#8221;4.27.4&#8243; _module_preset=&#8221;default&#8221; global_colors_info=&#8221;{}&#8221;][et_pb_image src=&#8221;https:\/\/konferencja1000lecia.pl\/wp-content\/uploads\/2026\/03\/zdj-wojciech-polak.jpg&#8221; title_text=&#8221;zdj-wojciech-polak&#8221; align=&#8221;right&#8221; _builder_version=&#8221;4.23.2&#8243; _module_preset=&#8221;default&#8221; global_colors_info=&#8221;{}&#8221;][\/et_pb_image][\/et_pb_column][et_pb_column type=&#8221;1_4&#8243; _builder_version=&#8221;4.27.4&#8243; _module_preset=&#8221;default&#8221; global_colors_info=&#8221;{}&#8221;][et_pb_text _builder_version=&#8221;4.27.4&#8243; _module_preset=&#8221;default&#8221; text_text_color=&#8221;#ffffff&#8221; text_line_height=&#8221;1.5em&#8221; custom_margin=&#8221;10px||18px|||&#8221; text_font_size_tablet=&#8221;&#8221; text_font_size_phone=&#8221;16px&#8221; text_font_size_last_edited=&#8221;on|phone&#8221; global_colors_info=&#8221;{}&#8221;]<p class=\"p1\"><strong>Wojciech Polak<\/strong><\/p>\n<p class=\"p1\">Profesor nauk humanistycznych, historyk, nauczyciel akademicki na Uniwersytecie Miko\u0142aja Kopernika w Toruniu, od 2016 r. cz\u0142onek Kolegium Instytutu Pami\u0119ci Narodowej<\/p>[\/et_pb_text][\/et_pb_column][et_pb_column type=&#8221;1_4&#8243; _builder_version=&#8221;4.27.4&#8243; _module_preset=&#8221;default&#8221; global_colors_info=&#8221;{}&#8221;][et_pb_image src=&#8221;https:\/\/konferencja1000lecia.pl\/wp-content\/uploads\/2026\/03\/zdj-krzysztof-rak.jpg&#8221; title_text=&#8221;zdj-krzysztof-rak&#8221; align=&#8221;right&#8221; _builder_version=&#8221;4.23.2&#8243; _module_preset=&#8221;default&#8221; global_colors_info=&#8221;{}&#8221;][\/et_pb_image][\/et_pb_column][et_pb_column type=&#8221;1_4&#8243; _builder_version=&#8221;4.27.4&#8243; _module_preset=&#8221;default&#8221; global_colors_info=&#8221;{}&#8221;][et_pb_text _builder_version=&#8221;4.27.4&#8243; _module_preset=&#8221;default&#8221; text_text_color=&#8221;#ffffff&#8221; text_line_height=&#8221;1.5em&#8221; custom_margin=&#8221;10px||18px|||&#8221; text_font_size_tablet=&#8221;&#8221; text_font_size_phone=&#8221;16px&#8221; text_font_size_last_edited=&#8221;on|phone&#8221; global_colors_info=&#8221;{}&#8221;]<p class=\"p1\"><strong>Krzysztof Rak<\/strong><\/p>\n<p class=\"p1\">historyk, urz\u0119dnik, publicysta, cz\u0142onek zarz\u0105du O\u015brodka Analiz Strategicznych<\/p>[\/et_pb_text][\/et_pb_column][\/et_pb_row][et_pb_row column_structure=&#8221;1_4,1_4,1_4,1_4&#8243; _builder_version=&#8221;4.27.4&#8243; _module_preset=&#8221;default&#8221; max_width=&#8221;1401px&#8221; global_colors_info=&#8221;{}&#8221;][et_pb_column type=&#8221;1_4&#8243; _builder_version=&#8221;4.27.4&#8243; _module_preset=&#8221;default&#8221; global_colors_info=&#8221;{}&#8221;][et_pb_image src=&#8221;https:\/\/konferencja1000lecia.pl\/wp-content\/uploads\/2026\/03\/zdj-krzysztof-szczucki.jpg&#8221; title_text=&#8221;zdj-krzysztof-szczucki&#8221; align=&#8221;right&#8221; _builder_version=&#8221;4.23.2&#8243; _module_preset=&#8221;default&#8221; global_colors_info=&#8221;{}&#8221;][\/et_pb_image][\/et_pb_column][et_pb_column type=&#8221;1_4&#8243; _builder_version=&#8221;4.27.4&#8243; _module_preset=&#8221;default&#8221; global_colors_info=&#8221;{}&#8221;][et_pb_text _builder_version=&#8221;4.27.4&#8243; _module_preset=&#8221;default&#8221; text_text_color=&#8221;#ffffff&#8221; text_line_height=&#8221;1.5em&#8221; custom_margin=&#8221;10px||18px|||&#8221; text_font_size_tablet=&#8221;&#8221; text_font_size_phone=&#8221;16px&#8221; text_font_size_last_edited=&#8221;on|phone&#8221; global_colors_info=&#8221;{}&#8221;]<p class=\"p1\"><strong>Krzysztof Szczucki<\/strong><\/p>\n<p class=\"p1\">Doktor habilitowany, prawnik, urz\u0119dnik pa\u0144stwowy i polityk, b. minister edukacji i nauki<\/p>[\/et_pb_text][\/et_pb_column][et_pb_column type=&#8221;1_4&#8243; _builder_version=&#8221;4.27.4&#8243; _module_preset=&#8221;default&#8221; global_colors_info=&#8221;{}&#8221;][et_pb_image src=&#8221;https:\/\/konferencja1000lecia.pl\/wp-content\/uploads\/2026\/03\/zdj-miroslaw-szumilo.jpg&#8221; title_text=&#8221;zdj-miroslaw-szumilo&#8221; align=&#8221;right&#8221; _builder_version=&#8221;4.23.2&#8243; _module_preset=&#8221;default&#8221; global_colors_info=&#8221;{}&#8221;][\/et_pb_image][\/et_pb_column][et_pb_column type=&#8221;1_4&#8243; _builder_version=&#8221;4.27.4&#8243; _module_preset=&#8221;default&#8221; global_colors_info=&#8221;{}&#8221;][et_pb_text _builder_version=&#8221;4.27.4&#8243; _module_preset=&#8221;default&#8221; text_text_color=&#8221;#ffffff&#8221; text_line_height=&#8221;1.5em&#8221; custom_margin=&#8221;10px||18px|||&#8221; text_font_size_tablet=&#8221;&#8221; text_font_size_phone=&#8221;16px&#8221; text_font_size_last_edited=&#8221;on|phone&#8221; global_colors_info=&#8221;{}&#8221;]<p class=\"p1\"><strong>Miros\u0142aw Szumi\u0142o<\/strong><\/p>\n<p class=\"p1\">Profesor nauk humanistycznych, historyk, pracownik naukowy Uniwersytetu Marii Curie-Sk\u0142odowskiej w Lublinie <span>i Instytutu Pami\u0119ci Narodowej<\/span><\/p>[\/et_pb_text][\/et_pb_column][\/et_pb_row][et_pb_row column_structure=&#8221;1_4,1_4,1_4,1_4&#8243; _builder_version=&#8221;4.27.4&#8243; _module_preset=&#8221;default&#8221; max_width=&#8221;1401px&#8221; global_colors_info=&#8221;{}&#8221;][et_pb_column type=&#8221;1_4&#8243; _builder_version=&#8221;4.27.4&#8243; _module_preset=&#8221;default&#8221; global_colors_info=&#8221;{}&#8221;][et_pb_image src=&#8221;https:\/\/konferencja1000lecia.pl\/wp-content\/uploads\/2026\/03\/bogdan-swieczkowski-1-1.jpg&#8221; title_text=&#8221;bogdan-swieczkowski-1-1&#8243; align=&#8221;right&#8221; _builder_version=&#8221;4.23.2&#8243; _module_preset=&#8221;default&#8221; global_colors_info=&#8221;{}&#8221;][\/et_pb_image][\/et_pb_column][et_pb_column type=&#8221;1_4&#8243; _builder_version=&#8221;4.27.4&#8243; _module_preset=&#8221;default&#8221; global_colors_info=&#8221;{}&#8221;][et_pb_text _builder_version=&#8221;4.27.4&#8243; _module_preset=&#8221;default&#8221; text_text_color=&#8221;#ffffff&#8221; text_line_height=&#8221;1.5em&#8221; custom_margin=&#8221;10px||18px|||&#8221; text_font_size_tablet=&#8221;&#8221; text_font_size_phone=&#8221;16px&#8221; text_font_size_last_edited=&#8221;on|phone&#8221; global_colors_info=&#8221;{}&#8221;]<p class=\"p1\"><strong>Bogdan \u015awi\u0119czkowski<\/strong><\/p>\n<p class=\"p1\">Prezes Trybuna\u0142u Konstytucyjnego, w latach 2006\u20132007 szef Agencji Bezpiecze\u0144stwa Wewn\u0119trznego, w latach 2015\u20132016 podsekretarz stanu w Ministerstwie Sprawiedliwo\u015bci, w latach 2016\u20132022 prokurator krajowy i pierwszy zast\u0119pca prokuratora generalnego<\/p>[\/et_pb_text][\/et_pb_column][et_pb_column type=&#8221;1_4&#8243; _builder_version=&#8221;4.27.4&#8243; _module_preset=&#8221;default&#8221; global_colors_info=&#8221;{}&#8221;][et_pb_image src=&#8221;https:\/\/konferencja1000lecia.pl\/wp-content\/uploads\/2026\/03\/gertruda-uscinska.jpg&#8221; title_text=&#8221;gertruda-uscinska&#8221; align=&#8221;right&#8221; _builder_version=&#8221;4.23.2&#8243; _module_preset=&#8221;default&#8221; global_colors_info=&#8221;{}&#8221;][\/et_pb_image][\/et_pb_column][et_pb_column type=&#8221;1_4&#8243; _builder_version=&#8221;4.27.4&#8243; _module_preset=&#8221;default&#8221; global_colors_info=&#8221;{}&#8221;][et_pb_text _builder_version=&#8221;4.27.4&#8243; _module_preset=&#8221;default&#8221; text_text_color=&#8221;#ffffff&#8221; text_line_height=&#8221;1.5em&#8221; custom_margin=&#8221;10px||18px|||&#8221; text_font_size_tablet=&#8221;&#8221; text_font_size_phone=&#8221;16px&#8221; text_font_size_last_edited=&#8221;on|phone&#8221; global_colors_info=&#8221;{}&#8221;]<p class=\"p1\"><strong>Gertruda U\u015bci\u0144ska<\/strong><\/p>\n<p class=\"p1\"><span>profesor nauk prawnych, rektor Szko\u0142y G\u0142\u00f3wnej Miko\u0142aja Kopernika, pracownik naukowy Uniwersytetu Warszawskiego<\/span><\/p>[\/et_pb_text][\/et_pb_column][\/et_pb_row][et_pb_row column_structure=&#8221;1_4,3_4&#8243; disabled_on=&#8221;on|on|on&#8221; module_class=&#8221;speaker-row&#8221; _builder_version=&#8221;4.27.4&#8243; _module_preset=&#8221;default&#8221; max_width=&#8221;1240px&#8221; disabled=&#8221;on&#8221; global_colors_info=&#8221;{}&#8221;][et_pb_column type=&#8221;1_4&#8243; _builder_version=&#8221;4.20.4&#8243; _module_preset=&#8221;default&#8221; global_colors_info=&#8221;{}&#8221;][et_pb_image src=&#8221;https:\/\/konferencja1000lecia.pl\/wp-content\/uploads\/2025\/03\/maxresdefault-1.jpg&#8221; title_text=&#8221;maxresdefault (1)&#8221; _builder_version=&#8221;4.27.4&#8243; _module_preset=&#8221;default&#8221; global_colors_info=&#8221;{}&#8221;][\/et_pb_image][\/et_pb_column][et_pb_column type=&#8221;3_4&#8243; _builder_version=&#8221;4.20.4&#8243; _module_preset=&#8221;default&#8221; global_colors_info=&#8221;{}&#8221;][et_pb_text _builder_version=&#8221;4.27.4&#8243; _module_preset=&#8221;default&#8221; text_text_color=&#8221;#ffffff&#8221; text_line_height=&#8221;1.5em&#8221; custom_margin=&#8221;10px||18px|||&#8221; text_font_size_tablet=&#8221;&#8221; text_font_size_phone=&#8221;16px&#8221; text_font_size_last_edited=&#8221;on|phone&#8221; global_colors_info=&#8221;{}&#8221;]<p class=\"p1\"><b>Prof. Jacek Janowski<\/b><br \/>Nauczyciel akademicki<\/p>[\/et_pb_text][et_pb_text _builder_version=&#8221;4.27.4&#8243; _module_preset=&#8221;default&#8221; text_text_color=&#8221;#eaeaea&#8221; text_font_size=&#8221;17px&#8221; text_line_height=&#8221;1.5em&#8221; custom_margin=&#8221;10px|||||&#8221; text_font_size_tablet=&#8221;17px&#8221; text_font_size_phone=&#8221;15px&#8221; text_font_size_last_edited=&#8221;on|phone&#8221; global_colors_info=&#8221;{}&#8221;]<p class=\"p1\">Lorem ipsum dolor sit amet, consectetur adipiscing elit. Nam a metus a ante efficitur dictum. Maecenas ut metus mauris. Cras sagittis vel dolor in placerat. Donec ultricies semper nibh, at finibus turpis. Donec pellentesque eros nec libero pharetra, sed sodales nunc dapibus. Proin ut enim fringilla, blandit dui eget, vestibulum sapien. Donec sit amet tincidunt elit. Vivamus quis auctor dui.<\/p>[\/et_pb_text][\/et_pb_column][\/et_pb_row][\/et_pb_section][et_pb_section fb_built=&#8221;1&#8243; module_id=&#8221;zapisy&#8221; _builder_version=&#8221;4.27.4&#8243; _module_preset=&#8221;default&#8221; global_colors_info=&#8221;{}&#8221;][et_pb_row _builder_version=&#8221;4.22.2&#8243; _module_preset=&#8221;default&#8221; custom_padding=&#8221;1px||19px|||&#8221; global_colors_info=&#8221;{}&#8221;][et_pb_column type=&#8221;4_4&#8243; _builder_version=&#8221;4.22.2&#8243; _module_preset=&#8221;default&#8221; global_colors_info=&#8221;{}&#8221;][et_pb_text _builder_version=&#8221;4.27.4&#8243; _module_preset=&#8221;default&#8221; text_font_size=&#8221;19px&#8221; text_line_height=&#8221;1.5em&#8221; custom_margin=&#8221;38px||5px|||&#8221; global_colors_info=&#8221;{}&#8221;]<h1 style=\"text-align: center;\"><strong>Zapisy na konferencj\u0119<\/strong><\/h1>[\/et_pb_text][\/et_pb_column][\/et_pb_row][et_pb_row column_structure=&#8221;1_2,1_2&#8243; _builder_version=&#8221;4.27.4&#8243; _module_preset=&#8221;default&#8221; max_width=&#8221;921px&#8221; global_colors_info=&#8221;{}&#8221;][et_pb_column type=&#8221;1_2&#8243; _builder_version=&#8221;4.27.4&#8243; _module_preset=&#8221;default&#8221; global_colors_info=&#8221;{}&#8221;][et_pb_text _builder_version=&#8221;4.27.4&#8243; _module_preset=&#8221;default&#8221; text_font_size=&#8221;19px&#8221; text_line_height=&#8221;1.5em&#8221; text_orientation=&#8221;center&#8221; custom_margin=&#8221;43px|||||&#8221; custom_margin_tablet=&#8221;43px|||||&#8221; custom_margin_phone=&#8221;0px||||false|false&#8221; custom_margin_last_edited=&#8221;on|phone&#8221; text_font_size_tablet=&#8221;19px&#8221; text_font_size_phone=&#8221;18px&#8221; text_font_size_last_edited=&#8221;on|phone&#8221; global_colors_info=&#8221;{}&#8221;]<p class=\"p1\">Aby uczestniczy\u0107 w konferencji prosimy o wype\u0142nienie poni\u017cszego formularza. Ilo\u015b\u0107 miejsc ograniczona.<\/p>[\/et_pb_text][\/et_pb_column][et_pb_column type=&#8221;1_2&#8243; _builder_version=&#8221;4.27.4&#8243; _module_preset=&#8221;default&#8221; global_colors_info=&#8221;{}&#8221;][et_pb_image src=&#8221;https:\/\/konferencja1000lecia.pl\/wp-content\/uploads\/2026\/03\/2560px-Wielka_sala_rozpraw_Trybunalu_Konstytucyjnego_2016_01.jpeg&#8221; title_text=&#8221;2560px-Wielka_sala_rozpraw_Trybunalu_Konstytucyjnego_2016_01&#8243; align=&#8221;center&#8221; _builder_version=&#8221;4.23.2&#8243; _module_preset=&#8221;default&#8221; border_radii=&#8221;on|4px|4px|4px|4px&#8221; box_shadow_style=&#8221;preset1&#8243; global_colors_info=&#8221;{}&#8221;][\/et_pb_image][\/et_pb_column][\/et_pb_row][et_pb_row _builder_version=&#8221;4.27.4&#8243; _module_preset=&#8221;default&#8221; global_colors_info=&#8221;{}&#8221;][et_pb_column type=&#8221;4_4&#8243; _builder_version=&#8221;4.27.4&#8243; _module_preset=&#8221;default&#8221; global_colors_info=&#8221;{}&#8221;][et_pb_code _builder_version=&#8221;4.27.4&#8243; _module_preset=&#8221;default&#8221; global_colors_info=&#8221;{}&#8221;]<iframe loading=\"lazy\" width=\"560\" height=\"315\" src=\"https:\/\/www.youtube.com\/embed\/dFdoJwSCcUU?si=MQ6XhuGyLoEZJRjN\" title=\"YouTube video player\" frameborder=\"0\" allow=\"accelerometer; autoplay; clipboard-write; encrypted-media; gyroscope; picture-in-picture; web-share\" referrerpolicy=\"strict-origin-when-cross-origin\" allowfullscreen><\/iframe>[\/et_pb_code][\/et_pb_column][\/et_pb_row][et_pb_row _builder_version=&#8221;4.27.4&#8243; _module_preset=&#8221;default&#8221; global_colors_info=&#8221;{}&#8221;][et_pb_column type=&#8221;4_4&#8243; _builder_version=&#8221;4.27.4&#8243; _module_preset=&#8221;default&#8221; global_colors_info=&#8221;{}&#8221;][et_pb_code _builder_version=&#8221;4.27.4&#8243; _module_preset=&#8221;default&#8221; global_colors_info=&#8221;{}&#8221;][oi-forms id=&#8221;258&#8243;][\/et_pb_code][\/et_pb_column][\/et_pb_row][et_pb_row _builder_version=&#8221;4.27.4&#8243; _module_preset=&#8221;default&#8221; global_colors_info=&#8221;{}&#8221;][et_pb_column type=&#8221;4_4&#8243; _builder_version=&#8221;4.27.4&#8243; _module_preset=&#8221;default&#8221; global_colors_info=&#8221;{}&#8221;][et_pb_image src=&#8221;https:\/\/konferencja1000lecia.pl\/wp-content\/uploads\/2026\/03\/Belka-komitet-scaled-1.jpg&#8221; title_text=&#8221;Belka-komitet-scaled&#8221; _builder_version=&#8221;4.23.2&#8243; _module_preset=&#8221;default&#8221; global_colors_info=&#8221;{}&#8221;][\/et_pb_image][\/et_pb_column][\/et_pb_row][\/et_pb_section]\n","protected":false},"excerpt":{"rendered":"<p>PatronatTysi\u0105c lat obecno\u015bci Polski w elicie pa\u0144stw europejskichMilenijne obchody istnienia Kr\u00f3lestwa Polskiego sk\u0142aniaj\u0105 do refleksji na temat naszego miejsca w Europie. Jak koronacja Boles\u0142awa Chrobrego wp\u0142yn\u0119\u0142a na histori\u0119 naszego kraju i narodu? Co powstanie nowego kr\u00f3lestwa znaczy\u0142o dla \u015bredniowiecznej Europy? Jakie dzi\u015b jest nasze miejsce w \u015bwiecie? Przed jakimi wyzwaniami staje obecnie Rzeczpospolita Polska? Na [&hellip;]<\/p>\n","protected":false},"author":2,"featured_media":341,"parent":0,"menu_order":0,"comment_status":"closed","ping_status":"closed","template":"","meta":{"_et_pb_use_builder":"on","_et_pb_old_content":"<!-- wp:divi\/placeholder \/-->","_et_gb_content_width":"","footnotes":""},"class_list":["post-12","page","type-page","status-publish","has-post-thumbnail","hentry"],"yoast_head":"<!-- This site is optimized with the Yoast SEO plugin v27.1.1 - https:\/\/yoast.com\/product\/yoast-seo-wordpress\/ -->\n<title>Konferencja 1000lecia - Zapisz si\u0119!<\/title>\n<meta name=\"robots\" content=\"index, follow, max-snippet:-1, max-image-preview:large, max-video-preview:-1\" \/>\n<link rel=\"canonical\" href=\"https:\/\/konferencja1000lecia.pl\/\" \/>\n<meta property=\"og:locale\" content=\"pl_PL\" \/>\n<meta property=\"og:type\" content=\"article\" \/>\n<meta property=\"og:title\" content=\"Konferencja 1000lecia - Zapisz si\u0119!\" \/>\n<meta property=\"og:description\" content=\"PatronatTysi\u0105c lat obecno\u015bci Polski w elicie pa\u0144stw europejskichMilenijne obchody istnienia Kr\u00f3lestwa Polskiego sk\u0142aniaj\u0105 do refleksji na temat naszego miejsca w Europie. Jak koronacja Boles\u0142awa Chrobrego wp\u0142yn\u0119\u0142a na histori\u0119 naszego kraju i narodu? Co powstanie nowego kr\u00f3lestwa znaczy\u0142o dla \u015bredniowiecznej Europy? Jakie dzi\u015b jest nasze miejsce w \u015bwiecie? Przed jakimi wyzwaniami staje obecnie Rzeczpospolita Polska? Na [&hellip;]\" \/>\n<meta property=\"og:url\" content=\"https:\/\/konferencja1000lecia.pl\/\" \/>\n<meta property=\"og:site_name\" content=\"Konferencja 1000lecia\" \/>\n<meta property=\"article:modified_time\" content=\"2026-03-17T18:14:36+00:00\" \/>\n<meta property=\"og:image\" content=\"https:\/\/konferencja1000lecia.pl\/wp-content\/uploads\/2026\/03\/tysiac-lat-1200x628_v3.jpg\" \/>\n\t<meta property=\"og:image:width\" content=\"1200\" \/>\n\t<meta property=\"og:image:height\" content=\"628\" \/>\n\t<meta property=\"og:image:type\" content=\"image\/jpeg\" \/>\n<meta name=\"twitter:card\" content=\"summary_large_image\" \/>\n<meta name=\"twitter:label1\" content=\"Szacowany czas czytania\" \/>\n\t<meta name=\"twitter:data1\" content=\"10 minut\" \/>\n<script type=\"application\/ld+json\" class=\"yoast-schema-graph\">{\"@context\":\"https:\/\/schema.org\",\"@graph\":[{\"@type\":\"WebPage\",\"@id\":\"https:\/\/konferencja1000lecia.pl\/\",\"url\":\"https:\/\/konferencja1000lecia.pl\/\",\"name\":\"Konferencja 1000lecia - Zapisz si\u0119!\",\"isPartOf\":{\"@id\":\"https:\/\/konferencja1000lecia.pl\/#website\"},\"primaryImageOfPage\":{\"@id\":\"https:\/\/konferencja1000lecia.pl\/#primaryimage\"},\"image\":{\"@id\":\"https:\/\/konferencja1000lecia.pl\/#primaryimage\"},\"thumbnailUrl\":\"https:\/\/konferencja1000lecia.pl\/wp-content\/uploads\/2026\/03\/tysiac-lat-1200x628_v3.jpg\",\"datePublished\":\"2025-03-25T11:32:49+00:00\",\"dateModified\":\"2026-03-17T18:14:36+00:00\",\"breadcrumb\":{\"@id\":\"https:\/\/konferencja1000lecia.pl\/#breadcrumb\"},\"inLanguage\":\"pl-PL\",\"potentialAction\":[{\"@type\":\"ReadAction\",\"target\":[\"https:\/\/konferencja1000lecia.pl\/\"]}]},{\"@type\":\"ImageObject\",\"inLanguage\":\"pl-PL\",\"@id\":\"https:\/\/konferencja1000lecia.pl\/#primaryimage\",\"url\":\"https:\/\/konferencja1000lecia.pl\/wp-content\/uploads\/2026\/03\/tysiac-lat-1200x628_v3.jpg\",\"contentUrl\":\"https:\/\/konferencja1000lecia.pl\/wp-content\/uploads\/2026\/03\/tysiac-lat-1200x628_v3.jpg\",\"width\":1200,\"height\":628},{\"@type\":\"BreadcrumbList\",\"@id\":\"https:\/\/konferencja1000lecia.pl\/#breadcrumb\",\"itemListElement\":[{\"@type\":\"ListItem\",\"position\":1,\"name\":\"Strona g\u0142\u00f3wna\",\"item\":\"https:\/\/konferencja1000lecia.pl\/\"},{\"@type\":\"ListItem\",\"position\":2,\"name\":\"Strona g\u0142\u00f3wna\"}]},{\"@type\":\"WebSite\",\"@id\":\"https:\/\/konferencja1000lecia.pl\/#website\",\"url\":\"https:\/\/konferencja1000lecia.pl\/\",\"name\":\"Konferencja 1000lecia\",\"description\":\"\",\"potentialAction\":[{\"@type\":\"SearchAction\",\"target\":{\"@type\":\"EntryPoint\",\"urlTemplate\":\"https:\/\/konferencja1000lecia.pl\/?s={search_term_string}\"},\"query-input\":{\"@type\":\"PropertyValueSpecification\",\"valueRequired\":true,\"valueName\":\"search_term_string\"}}],\"inLanguage\":\"pl-PL\"}]}<\/script>\n<!-- \/ Yoast SEO plugin. -->","yoast_head_json":{"title":"Konferencja 1000lecia - Zapisz si\u0119!","robots":{"index":"index","follow":"follow","max-snippet":"max-snippet:-1","max-image-preview":"max-image-preview:large","max-video-preview":"max-video-preview:-1"},"canonical":"https:\/\/konferencja1000lecia.pl\/","og_locale":"pl_PL","og_type":"article","og_title":"Konferencja 1000lecia - Zapisz si\u0119!","og_description":"PatronatTysi\u0105c lat obecno\u015bci Polski w elicie pa\u0144stw europejskichMilenijne obchody istnienia Kr\u00f3lestwa Polskiego sk\u0142aniaj\u0105 do refleksji na temat naszego miejsca w Europie. Jak koronacja Boles\u0142awa Chrobrego wp\u0142yn\u0119\u0142a na histori\u0119 naszego kraju i narodu? Co powstanie nowego kr\u00f3lestwa znaczy\u0142o dla \u015bredniowiecznej Europy? Jakie dzi\u015b jest nasze miejsce w \u015bwiecie? Przed jakimi wyzwaniami staje obecnie Rzeczpospolita Polska? Na [&hellip;]","og_url":"https:\/\/konferencja1000lecia.pl\/","og_site_name":"Konferencja 1000lecia","article_modified_time":"2026-03-17T18:14:36+00:00","og_image":[{"width":1200,"height":628,"url":"https:\/\/konferencja1000lecia.pl\/wp-content\/uploads\/2026\/03\/tysiac-lat-1200x628_v3.jpg","type":"image\/jpeg"}],"twitter_card":"summary_large_image","twitter_misc":{"Szacowany czas czytania":"10 minut"},"schema":{"@context":"https:\/\/schema.org","@graph":[{"@type":"WebPage","@id":"https:\/\/konferencja1000lecia.pl\/","url":"https:\/\/konferencja1000lecia.pl\/","name":"Konferencja 1000lecia - Zapisz si\u0119!","isPartOf":{"@id":"https:\/\/konferencja1000lecia.pl\/#website"},"primaryImageOfPage":{"@id":"https:\/\/konferencja1000lecia.pl\/#primaryimage"},"image":{"@id":"https:\/\/konferencja1000lecia.pl\/#primaryimage"},"thumbnailUrl":"https:\/\/konferencja1000lecia.pl\/wp-content\/uploads\/2026\/03\/tysiac-lat-1200x628_v3.jpg","datePublished":"2025-03-25T11:32:49+00:00","dateModified":"2026-03-17T18:14:36+00:00","breadcrumb":{"@id":"https:\/\/konferencja1000lecia.pl\/#breadcrumb"},"inLanguage":"pl-PL","potentialAction":[{"@type":"ReadAction","target":["https:\/\/konferencja1000lecia.pl\/"]}]},{"@type":"ImageObject","inLanguage":"pl-PL","@id":"https:\/\/konferencja1000lecia.pl\/#primaryimage","url":"https:\/\/konferencja1000lecia.pl\/wp-content\/uploads\/2026\/03\/tysiac-lat-1200x628_v3.jpg","contentUrl":"https:\/\/konferencja1000lecia.pl\/wp-content\/uploads\/2026\/03\/tysiac-lat-1200x628_v3.jpg","width":1200,"height":628},{"@type":"BreadcrumbList","@id":"https:\/\/konferencja1000lecia.pl\/#breadcrumb","itemListElement":[{"@type":"ListItem","position":1,"name":"Strona g\u0142\u00f3wna","item":"https:\/\/konferencja1000lecia.pl\/"},{"@type":"ListItem","position":2,"name":"Strona g\u0142\u00f3wna"}]},{"@type":"WebSite","@id":"https:\/\/konferencja1000lecia.pl\/#website","url":"https:\/\/konferencja1000lecia.pl\/","name":"Konferencja 1000lecia","description":"","potentialAction":[{"@type":"SearchAction","target":{"@type":"EntryPoint","urlTemplate":"https:\/\/konferencja1000lecia.pl\/?s={search_term_string}"},"query-input":{"@type":"PropertyValueSpecification","valueRequired":true,"valueName":"search_term_string"}}],"inLanguage":"pl-PL"}]}},"_links":{"self":[{"href":"https:\/\/konferencja1000lecia.pl\/index.php?rest_route=\/wp\/v2\/pages\/12","targetHints":{"allow":["GET"]}}],"collection":[{"href":"https:\/\/konferencja1000lecia.pl\/index.php?rest_route=\/wp\/v2\/pages"}],"about":[{"href":"https:\/\/konferencja1000lecia.pl\/index.php?rest_route=\/wp\/v2\/types\/page"}],"author":[{"embeddable":true,"href":"https:\/\/konferencja1000lecia.pl\/index.php?rest_route=\/wp\/v2\/users\/2"}],"replies":[{"embeddable":true,"href":"https:\/\/konferencja1000lecia.pl\/index.php?rest_route=%2Fwp%2Fv2%2Fcomments&post=12"}],"version-history":[{"count":49,"href":"https:\/\/konferencja1000lecia.pl\/index.php?rest_route=\/wp\/v2\/pages\/12\/revisions"}],"predecessor-version":[{"id":344,"href":"https:\/\/konferencja1000lecia.pl\/index.php?rest_route=\/wp\/v2\/pages\/12\/revisions\/344"}],"wp:featuredmedia":[{"embeddable":true,"href":"https:\/\/konferencja1000lecia.pl\/index.php?rest_route=\/wp\/v2\/media\/341"}],"wp:attachment":[{"href":"https:\/\/konferencja1000lecia.pl\/index.php?rest_route=%2Fwp%2Fv2%2Fmedia&parent=12"}],"curies":[{"name":"wp","href":"https:\/\/api.w.org\/{rel}","templated":true}]}}